{"id":866,"date":"2025-07-10T10:02:31","date_gmt":"2025-07-10T10:02:31","guid":{"rendered":"https:\/\/tonisstaeugeniadeberga.cat\/?page_id=866"},"modified":"2025-07-10T10:08:23","modified_gmt":"2025-07-10T10:08:23","slug":"del-carrer-a-lescola","status":"publish","type":"page","link":"https:\/\/tonisstaeugeniadeberga.cat\/?page_id=866","title":{"rendered":"Del carrer a l&#8217;escola"},"content":{"rendered":"<p>[et_pb_section fb_built=\u00bb1&#8243; admin_label=\u00bbCall to Action\u00bb _builder_version=\u00bb4.27.4&#8243; _module_preset=\u00bbdefault\u00bb background_color=\u00bb#A5CEEE\u00bb hover_enabled=\u00bb0&#8243; border_color_all=\u00bb#000000&#8243; border_width_bottom=\u00bb8px\u00bb locked=\u00bboff\u00bb collapsed=\u00bbon\u00bb global_colors_info=\u00bb{}\u00bb sticky_enabled=\u00bb0&#8243;][et_pb_row make_equal=\u00bbon\u00bb _builder_version=\u00bb4.27.0&#8243; _module_preset=\u00bbdefault\u00bb width=\u00bb90%\u00bb max_width=\u00bbnone\u00bb global_colors_info=\u00bb{}\u00bb][et_pb_column type=\u00bb4_4&#8243; _builder_version=\u00bb4.20.0&#8243; _module_preset=\u00bbdefault\u00bb global_colors_info=\u00bb{}\u00bb][et_pb_text _builder_version=\u00bb4.27.4&#8243; _module_preset=\u00bb4be11b31-9756-4237-8b3d-50a7ff0b5312&#8243; header_2_font_size=\u00bb8vw\u00bb global_colors_info=\u00bb{}\u00bb]<\/p>\n<h2>Del carrer a l&#8217;escola<\/h2>\n<p>[\/et_pb_text][\/et_pb_column][\/et_pb_row][\/et_pb_section][et_pb_section fb_built=\u00bb1&#8243; admin_label=\u00bbGallery\u00bb _builder_version=\u00bb4.19.5&#8243; custom_padding=\u00bb115px|0px|59px|0px|false|false\u00bb border_width_bottom=\u00bb8px\u00bb global_colors_info=\u00bb{}\u00bb][et_pb_row use_custom_gutter=\u00bbon\u00bb gutter_width=\u00bb1&#8243; module_class=\u00bb et_pb_row_fullwidth\u00bb _builder_version=\u00bb4.16&#8243; width=\u00bb100%\u00bb width_tablet=\u00bb100%\u00bb width_phone=\u00bb100%\u00bb width_last_edited=\u00bbon|desktop\u00bb max_width=\u00bb100%\u00bb max_width_tablet=\u00bb100%\u00bb max_width_phone=\u00bb100%\u00bb max_width_last_edited=\u00bbon|desktop\u00bb custom_padding=\u00bb0|0px|0px|0px|false|false\u00bb border_width_all=\u00bb10px\u00bb border_color_all=\u00bb#ffffff\u00bb make_fullwidth=\u00bbon\u00bb global_colors_info=\u00bb{}\u00bb][et_pb_column type=\u00bb4_4&#8243; _builder_version=\u00bb4.16&#8243; custom_padding=\u00bb|||\u00bb global_colors_info=\u00bb{}\u00bb custom_padding__hover=\u00bb|||\u00bb][et_pb_image src=\u00bbhttps:\/\/tonisstaeugeniadeberga.cat\/wp-content\/uploads\/2025\/07\/photo-output.jpeg\u00bb title_text=\u00bbphoto-output\u00bb force_fullwidth=\u00bbon\u00bb align_tablet=\u00bbcenter\u00bb align_phone=\u00bbcenter\u00bb align_last_edited=\u00bbon|desktop\u00bb _builder_version=\u00bb4.27.4&#8243; border_width_all=\u00bb10px\u00bb border_color_all=\u00bbrgba(0,0,0,0)\u00bb locked=\u00bboff\u00bb global_colors_info=\u00bb{}\u00bb][\/et_pb_image][\/et_pb_column][\/et_pb_row][et_pb_row use_custom_gutter=\u00bbon\u00bb gutter_width=\u00bb1&#8243; module_class=\u00bb et_pb_row_fullwidth\u00bb _builder_version=\u00bb4.16&#8243; width=\u00bb100%\u00bb width_tablet=\u00bb100%\u00bb width_phone=\u00bb100%\u00bb width_last_edited=\u00bbon|desktop\u00bb max_width=\u00bb100%\u00bb max_width_tablet=\u00bb100%\u00bb max_width_phone=\u00bb100%\u00bb max_width_last_edited=\u00bbon|desktop\u00bb custom_padding=\u00bb0|0px|0px|0px|false|false\u00bb border_width_all=\u00bb10px\u00bb border_color_all=\u00bb#ffffff\u00bb make_fullwidth=\u00bbon\u00bb global_colors_info=\u00bb{}\u00bb][et_pb_column type=\u00bb4_4&#8243; _builder_version=\u00bb4.16&#8243; custom_padding=\u00bb|||\u00bb global_colors_info=\u00bb{}\u00bb custom_padding__hover=\u00bb|||\u00bb][et_pb_text _builder_version=\u00bb4.27.4&#8243; _module_preset=\u00bbe35e07fb-7b6a-4666-9489-23eb8682ca76&#8243; header_font_size=\u00bb10vw\u00bb custom_margin=\u00bb||91px|||\u00bb global_colors_info=\u00bb{}\u00bb]<\/p>\n<h1><b><span>mem\u00f2ria compartida<\/span><\/b><\/h1>\n<p>[\/et_pb_text][et_pb_text _builder_version=\u00bb4.27.4&#8243; _module_preset=\u00bbd75f8dc8-84e1-4fde-be2a-f1c51caccf33&#8243; custom_margin=\u00bb|||1px||\u00bb custom_margin_tablet=\u00bb|||1px||\u00bb custom_margin_phone=\u00bb-60px||||false|false\u00bb custom_margin_last_edited=\u00bbon|desktop\u00bb custom_padding=\u00bb0px|||387px|false|false\u00bb custom_padding_tablet=\u00bb|||0px|false|false\u00bb custom_padding_phone=\u00bb|||0px|false|false\u00bb custom_padding_last_edited=\u00bbon|phone\u00bb global_colors_info=\u00bb{}\u00bb]<\/p>\n<div dir=\"auto\">\n<p><b><span>Amb pas ferm i carro a punt: Del carrer a l\u2019escola, mem\u00f2ria compartida<\/span><\/b><\/p>\n<p>Els Tonis de Santa Eug\u00e8nia de Berga s\u00f3n molt m\u00e9s que una festa tradicional: s\u00f3n una expressi\u00f3 viva de la identitat del poble, una connexi\u00f3 directa amb el passat i una celebraci\u00f3 compartida amb les generacions futures. Cada mes de gener, els carrers s\u2019omplen de vida amb el tradicional passant, on carruatges engalanats, cavalls, animals i carros desfilen en una festa que uneix tot el poble.<\/p>\n<p>Abans de tot aix\u00f2, per\u00f2, ja es respira ambient de festa: els carrers de Santa Eug\u00e8nia s\u2019engalanen amb la penjada de la banderola dels Tonis, un s\u00edmbol que anuncia que el Passant \u00a0s\u2019acosta \u00a0i que tot el poble hi est\u00e0 convidat a participar.<\/p>\n<p>L\u2019escola Jacint Verdaguer amb l\u2019ajuda de l\u2019AFA hi t\u00e9 un paper molt especial. Fa molts anys que participa activament en la festa, i aix\u00f2 ha fet possible que avui, molts dels pares i mares dels alumnes actuals tamb\u00e9 en guardin un record viu de quan, sent infants, prenien part en el concurs de dibuix o en el passant. Aquesta continu\u00eftat generacional \u00e9s un dels grans tresors dels Tonis: una festa que no es perd, sin\u00f3 que es transmet i es viu amb orgull.<\/p>\n<p>Els nens i nenes de l\u2019escola representen amb il\u00b7lusi\u00f3 escenes dels Tonis i la vida rural d\u2019abans a trav\u00e9s del concurs de dibuix, i tamb\u00e9 prenen part activa en el mateix passant. En alguns casos, hi desfilen vestits de catalanets i catalanetes, portant la tradici\u00f3 amb orgull i fent-la seva.<\/p>\n<p>Els dibuixos, exposats als passadissos de l\u2019escola, omplen l\u2019edifici d\u2019alegria i color. S\u00f3n una mostra de com els infants entenen i viuen la tradici\u00f3, i de com aquesta s\u2019adapta al seu temps sense perdre l\u2019ess\u00e8ncia.<\/p>\n<p>La col\u00b7laboraci\u00f3 entre, l\u2019escola Jacint Verdaguer i l\u2019AFA i els Tonis\u00a0<span>no \u00e9s nom\u00e9s una activitat cultural: \u00e9s una manera <\/span>de teixir futur amb fils de mem\u00f2ria. Gr\u00e0cies a aquesta complicitat, Santa Eug\u00e8nia de Berga no nom\u00e9s recorda les seves arrels, sin\u00f3 que les fa cr\u00e9ixer, any rere any, a trav\u00e9s de la mirada i el comprom\u00eds dels m\u00e9s joves.<span><br \/><\/span><\/p>\n<\/div>\n<div dir=\"auto\"><\/div>\n<p>[\/et_pb_text][\/et_pb_column][\/et_pb_row][\/et_pb_section][et_pb_section fb_built=\u00bb1&#8243; admin_label=\u00bbFeatures\u00bb _builder_version=\u00bb4.19.5&#8243; _module_preset=\u00bbdefault\u00bb background_color=\u00bbgcid-3be8d3fa-8b11-41b4-b614-e601c43d7597&#8243; custom_padding=\u00bb80px||80px|||\u00bb border_width_bottom=\u00bb8px\u00bb locked=\u00bboff\u00bb collapsed=\u00bbon\u00bb global_colors_info=\u00bb{%22gcid-3be8d3fa-8b11-41b4-b614-e601c43d7597%22:%91%22background_color%22%93}\u00bb][et_pb_row column_structure=\u00bb1_3,1_3,1_3&#8243; use_custom_gutter=\u00bbon\u00bb gutter_width=\u00bb1&#8243; make_equal=\u00bbon\u00bb _builder_version=\u00bb4.20.0&#8243; _module_preset=\u00bbdefault\u00bb width=\u00bb90%\u00bb max_width=\u00bb1400px\u00bb custom_padding=\u00bb0px||0px||true|false\u00bb border_width_all=\u00bb2px\u00bb border_color_all=\u00bb#000000&#8243; global_colors_info=\u00bb{}\u00bb][et_pb_column type=\u00bb1_3&#8243; _builder_version=\u00bb4.20.0&#8243; _module_preset=\u00bbdefault\u00bb custom_padding=\u00bb60px|30px|60px|30px|true|true\u00bb custom_padding_tablet=\u00bb40px||40px||true|false\u00bb custom_padding_phone=\u00bb30px|20px|30px|20px|true|true\u00bb custom_padding_last_edited=\u00bbon|desktop\u00bb global_colors_info=\u00bb{}\u00bb][et_pb_icon font_icon=\u00bb&#xe081;||divi||400&#8243; icon_color=\u00bb#000000&#8243; icon_width=\u00bb48px\u00bb align=\u00bbleft\u00bb _builder_version=\u00bb4.19.5&#8243; _module_preset=\u00bbdefault\u00bb custom_margin=\u00bb||30px||false|false\u00bb global_colors_info=\u00bb{}\u00bb][\/et_pb_icon][et_pb_text _builder_version=\u00bb4.19.5&#8243; _module_preset=\u00bb365242bf-6a32-40c2-abfe-181c89348d29&#8243; custom_margin=\u00bb||10px||false|false\u00bb global_colors_info=\u00bb{}\u00bb]<\/p>\n<h3>Adre\u00e7a<\/h3>\n<p>[\/et_pb_text][et_pb_text _builder_version=\u00bb4.19.5&#8243; _module_preset=\u00bb3add67c8-29a3-4207-8455-3b7d0417af09&#8243; global_colors_info=\u00bb{}\u00bb]<\/p>\n<p>Pla\u00e7a Major, 1<\/p>\n<p>08507 Santa Eug\u00e8nia de Berga<\/p>\n<p>[\/et_pb_text][\/et_pb_column][et_pb_column type=\u00bb1_3&#8243; _builder_version=\u00bb4.20.0&#8243; _module_preset=\u00bbdefault\u00bb custom_padding=\u00bb60px|30px|60px|30px|true|true\u00bb custom_padding_tablet=\u00bb40px||40px||true|false\u00bb custom_padding_phone=\u00bb30px|20px|30px|20px|true|true\u00bb custom_padding_last_edited=\u00bbon|desktop\u00bb border_color_all=\u00bb#000000&#8243; border_width_right=\u00bb2px\u00bb border_width_left=\u00bb2px\u00bb border_width_top_tablet=\u00bb2px\u00bb border_width_top_phone=\u00bb2px\u00bb border_width_top_last_edited=\u00bbon|tablet\u00bb border_width_right_tablet=\u00bb0px\u00bb border_width_right_phone=\u00bb0px\u00bb border_width_right_last_edited=\u00bbon|tablet\u00bb border_width_bottom_tablet=\u00bb2px\u00bb border_width_bottom_phone=\u00bb2px\u00bb border_width_bottom_last_edited=\u00bbon|tablet\u00bb border_width_left_tablet=\u00bb0px\u00bb border_width_left_phone=\u00bb0px\u00bb border_width_left_last_edited=\u00bbon|tablet\u00bb global_colors_info=\u00bb{}\u00bb][et_pb_icon font_icon=\u00bb&#xe090;||divi||400&#8243; icon_color=\u00bb#000000&#8243; icon_width=\u00bb48px\u00bb align=\u00bbleft\u00bb _builder_version=\u00bb4.19.5&#8243; _module_preset=\u00bbdefault\u00bb custom_margin=\u00bb||30px||false|false\u00bb global_colors_info=\u00bb{}\u00bb][\/et_pb_icon][et_pb_text _builder_version=\u00bb4.19.5&#8243; _module_preset=\u00bb365242bf-6a32-40c2-abfe-181c89348d29&#8243; custom_margin=\u00bb||10px||false|false\u00bb global_colors_info=\u00bb{}\u00bb]<\/p>\n<h3>Tel\u00e8fon<\/h3>\n<p>[\/et_pb_text][et_pb_text _builder_version=\u00bb4.19.5&#8243; _module_preset=\u00bb3add67c8-29a3-4207-8455-3b7d0417af09&#8243; global_colors_info=\u00bb{}\u00bb]<\/p>\n<p>93 883 56 35<\/p>\n<p>&nbsp;<\/p>\n<p>[\/et_pb_text][\/et_pb_column][et_pb_column type=\u00bb1_3&#8243; _builder_version=\u00bb4.20.0&#8243; _module_preset=\u00bbdefault\u00bb custom_padding=\u00bb60px|30px|60px|30px|true|true\u00bb custom_padding_tablet=\u00bb40px||40px||true|false\u00bb custom_padding_phone=\u00bb30px|20px|30px|20px|true|true\u00bb custom_padding_last_edited=\u00bbon|desktop\u00bb global_colors_info=\u00bb{}\u00bb][et_pb_icon font_icon=\u00bb&#xf2b6;||fa||900&#8243; icon_color=\u00bb#000000&#8243; icon_width=\u00bb48px\u00bb align=\u00bbleft\u00bb _builder_version=\u00bb4.19.5&#8243; _module_preset=\u00bbdefault\u00bb custom_margin=\u00bb||30px||false|false\u00bb global_colors_info=\u00bb{}\u00bb][\/et_pb_icon][et_pb_text _builder_version=\u00bb4.19.5&#8243; _module_preset=\u00bb365242bf-6a32-40c2-abfe-181c89348d29&#8243; custom_margin=\u00bb||10px||false|false\u00bb global_colors_info=\u00bb{}\u00bb]<\/p>\n<h3>E-mail<\/h3>\n<p>[\/et_pb_text][et_pb_text _builder_version=\u00bb4.19.5&#8243; _module_preset=\u00bb3add67c8-29a3-4207-8455-3b7d0417af09&#8243; global_colors_info=\u00bb{}\u00bb]<\/p>\n<p>tonisseb@gmail.com<\/p>\n<p>[\/et_pb_text][\/et_pb_column][\/et_pb_row][\/et_pb_section]<\/p>\n","protected":false},"excerpt":{"rendered":"<p>Del carrer a l&#8217;escolamem\u00f2ria compartida Amb pas ferm i carro a punt: Del carrer a l\u2019escola, mem\u00f2ria compartida Els Tonis de Santa Eug\u00e8nia de Berga s\u00f3n molt m\u00e9s que una festa tradicional: s\u00f3n una expressi\u00f3 viva de la identitat del poble, una connexi\u00f3 directa amb el passat i una celebraci\u00f3 compartida amb les generacions futures. [&hellip;]<\/p>\n","protected":false},"author":1,"featured_media":0,"parent":0,"menu_order":0,"comment_status":"closed","ping_status":"closed","template":"","meta":{"_et_pb_use_builder":"on","_et_pb_old_content":"","_et_gb_content_width":"","footnotes":""},"class_list":["post-866","page","type-page","status-publish","hentry"],"_links":{"self":[{"href":"https:\/\/tonisstaeugeniadeberga.cat\/index.php?rest_route=\/wp\/v2\/pages\/866","targetHints":{"allow":["GET"]}}],"collection":[{"href":"https:\/\/tonisstaeugeniadeberga.cat\/index.php?rest_route=\/wp\/v2\/pages"}],"about":[{"href":"https:\/\/tonisstaeugeniadeberga.cat\/index.php?rest_route=\/wp\/v2\/types\/page"}],"author":[{"embeddable":true,"href":"https:\/\/tonisstaeugeniadeberga.cat\/index.php?rest_route=\/wp\/v2\/users\/1"}],"replies":[{"embeddable":true,"href":"https:\/\/tonisstaeugeniadeberga.cat\/index.php?rest_route=%2Fwp%2Fv2%2Fcomments&post=866"}],"version-history":[{"count":5,"href":"https:\/\/tonisstaeugeniadeberga.cat\/index.php?rest_route=\/wp\/v2\/pages\/866\/revisions"}],"predecessor-version":[{"id":881,"href":"https:\/\/tonisstaeugeniadeberga.cat\/index.php?rest_route=\/wp\/v2\/pages\/866\/revisions\/881"}],"wp:attachment":[{"href":"https:\/\/tonisstaeugeniadeberga.cat\/index.php?rest_route=%2Fwp%2Fv2%2Fmedia&parent=866"}],"curies":[{"name":"wp","href":"https:\/\/api.w.org\/{rel}","templated":true}]}}