{"id":89,"date":"2023-01-26T22:59:11","date_gmt":"2023-01-26T22:59:11","guid":{"rendered":"https:\/\/tonisstaeugeniadeberga.cat\/?page_id=89"},"modified":"2024-01-19T11:30:42","modified_gmt":"2024-01-19T11:30:42","slug":"historia","status":"publish","type":"page","link":"https:\/\/tonisstaeugeniadeberga.cat\/?page_id=89","title":{"rendered":"Hist\u00f2ria"},"content":{"rendered":"<p>[et_pb_section fb_built=\u00bb1&#8243; admin_label=\u00bbEvent Schedule\u00bb _builder_version=\u00bb4.20.0&#8243; _module_preset=\u00bbdefault\u00bb background_color=\u00bbgcid-3be8d3fa-8b11-41b4-b614-e601c43d7597&#8243; border_color_all=\u00bb#000000&#8243; border_width_bottom=\u00bb8px\u00bb locked=\u00bboff\u00bb collapsed=\u00bbon\u00bb global_colors_info=\u00bb{%22gcid-3be8d3fa-8b11-41b4-b614-e601c43d7597%22:%91%22background_color%22%93}\u00bb][et_pb_row _builder_version=\u00bb4.20.0&#8243; _module_preset=\u00bbdefault\u00bb width=\u00bb90%\u00bb max_width=\u00bb1400px\u00bb global_colors_info=\u00bb{}\u00bb][et_pb_column type=\u00bb4_4&#8243; _builder_version=\u00bb4.20.0&#8243; _module_preset=\u00bbdefault\u00bb global_colors_info=\u00bb{}\u00bb][et_pb_text _builder_version=\u00bb4.20.0&#8243; _module_preset=\u00bbaeba2ae2-edb6-4090-a54b-34b4751aeb2a\u00bb global_colors_info=\u00bb{}\u00bb]<\/p>\n<h2>Hist\u00f2ria<\/h2>\n<p>[\/et_pb_text][\/et_pb_column][\/et_pb_row][et_pb_row _builder_version=\u00bb4.20.0&#8243; _module_preset=\u00bbdefault\u00bb width=\u00bb90%\u00bb max_width=\u00bb1400px\u00bb global_colors_info=\u00bb{}\u00bb][et_pb_column type=\u00bb4_4&#8243; _builder_version=\u00bb4.20.0&#8243; _module_preset=\u00bbdefault\u00bb global_colors_info=\u00bb{}\u00bb][et_pb_text _builder_version=\u00bb4.19.5&#8243; _module_preset=\u00bb3462b2dc-ad9f-4e8a-9dae-f97ef94f1546&#8243; custom_margin=\u00bb||10px||false|false\u00bb global_colors_info=\u00bb{}\u00bb]<\/p>\n<h2>Evoluci\u00f3 d&#8217;una festa des de 1889<\/h2>\n<p>[\/et_pb_text][et_pb_icon font_icon=\u00bb&#x22;||divi||400&#8243; url=\u00bb#\u00bb align=\u00bbleft\u00bb _builder_version=\u00bb4.19.5&#8243; _module_preset=\u00bbdeb553fb-7ed8-4374-a6b2-266dbf18a0b6&#8243; global_colors_info=\u00bb{}\u00bb custom_margin__hover_enabled=\u00bbon|hover\u00bb custom_margin__hover=\u00bb|||10px|false|false\u00bb][\/et_pb_icon][\/et_pb_column][\/et_pb_row][\/et_pb_section][et_pb_section fb_built=\u00bb1&#8243; admin_label=\u00bbAbout\u00bb _builder_version=\u00bb4.20.0&#8243; _module_preset=\u00bbdefault\u00bb background_color=\u00bbgcid-3be8d3fa-8b11-41b4-b614-e601c43d7597&#8243; locked=\u00bboff\u00bb collapsed=\u00bbon\u00bb global_colors_info=\u00bb{%22gcid-3be8d3fa-8b11-41b4-b614-e601c43d7597%22:%91%22background_color%22%93}\u00bb][et_pb_row column_structure=\u00bb1_2,1_2&#8243; make_equal=\u00bbon\u00bb _builder_version=\u00bb4.19.5&#8243; _module_preset=\u00bbdefault\u00bb width=\u00bb90%\u00bb max_width=\u00bb1400px\u00bb custom_margin=\u00bb0px||||false|false\u00bb custom_padding=\u00bb0px||25px||false|false\u00bb locked=\u00bboff\u00bb global_colors_info=\u00bb{}\u00bb][et_pb_column type=\u00bb1_2&#8243; _builder_version=\u00bb4.19.5&#8243; _module_preset=\u00bbdefault\u00bb background_color=\u00bb#000000&#8243; background_image=\u00bbhttps:\/\/tonisstaeugeniadeberga.cat\/wp-content\/uploads\/2023\/01\/Captura-de-pantalla-2023-01-15-a-las-15.21.07.png\u00bb custom_padding=\u00bb8vw|30px|8vw|30px|true|true\u00bb global_colors_info=\u00bb{}\u00bb][et_pb_text _builder_version=\u00bb4.19.5&#8243; _module_preset=\u00bb1b35b5a3-a283-4b8c-b4e6-5526a710e3e7&#8243; header_4_text_color=\u00bbgcid-3be8d3fa-8b11-41b4-b614-e601c43d7597&#8243; custom_margin=\u00bb||249px||false|false\u00bb global_colors_info=\u00bb{%22gcid-3be8d3fa-8b11-41b4-b614-e601c43d7597%22:%91%22header_4_text_color%22%93}\u00bb][\/et_pb_text][\/et_pb_column][et_pb_column type=\u00bb1_2&#8243; _builder_version=\u00bb4.19.5&#8243; _module_preset=\u00bbdefault\u00bb background_image=\u00bbhttps:\/\/tonisstaeugeniadeberga.cat\/wp-content\/uploads\/2024\/01\/P1110174-scaled.jpg\u00bb global_colors_info=\u00bb{}\u00bb][et_pb_divider show_divider=\u00bboff\u00bb _builder_version=\u00bb4.20.0&#8243; _module_preset=\u00bbdefault\u00bb height_tablet=\u00bb48vw\u00bb height_phone=\u00bb48vw\u00bb height_last_edited=\u00bbon|desktop\u00bb global_colors_info=\u00bb{}\u00bb][\/et_pb_divider][\/et_pb_column][\/et_pb_row][et_pb_row column_structure=\u00bb1_2,1_2&#8243; _builder_version=\u00bb4.20.0&#8243; _module_preset=\u00bbdefault\u00bb width=\u00bb90%\u00bb max_width=\u00bb1400px\u00bb global_colors_info=\u00bb{}\u00bb][et_pb_column type=\u00bb1_2&#8243; _builder_version=\u00bb4.20.0&#8243; _module_preset=\u00bbdefault\u00bb global_colors_info=\u00bb{}\u00bb][et_pb_text _builder_version=\u00bb4.19.5&#8243; _module_preset=\u00bb8361700b-1ef4-4dcf-b99e-35e7ccd49d27&#8243; custom_padding=\u00bb||0px|||\u00bb global_colors_info=\u00bb{}\u00bb]<\/p>\n<p>M\u2019agrada imaginar com devia ser la festivitat del Tonis abans, quin sentit hi donaven, des de quan se celebrava&#8230; Per\u00f2 tamb\u00e9, com molts, en tinc un relat propi que \u00e9s el que intentar\u00e9 explicar. Sabem que des de 1888 a Santa Eug\u00e8nia se celebren els Tres Tombs, poques ressenyes en tenim, d\u2019aquelles dates. S\u00ed que tenim fotografies i documentaci\u00f3 de pr\u00e0cticament tot el segle XX, les quals, junt amb el record de molts testimonis i el context hist\u00f2ric de cada moment, ens permeten interpretar com era i com ha evolucionat fins l\u2019actualitat.<\/p>\n<p>La devoci\u00f3 a Sant Antoni Abat, protector dels animals, \u00e9s molt antiga en el cristianisme, comen\u00e7a entre els segles III i IV, aproximadament, i a Catalunya es popularitza a partir del segle XII. \u00c9s a l\u2019edat moderna, entre segles XVII i XVIII, quan segurament comencen els Tres Tombs. \u00c9s f\u00e0cil creure que \u00e9s en aquest context en qu\u00e8 tamb\u00e9 s\u2019inicien al nostre poble, on l\u2019ofici de traginer \u00e9s cada cop m\u00e9s present, i \u00e9s molt factible que en aquella \u00e8poca es pogu\u00e9s comptar amb la participaci\u00f3 de molts pagesos.<\/p>\n<p>Cal tenir en compte que la tracci\u00f3 animal en aquell moment fou molt m\u00e9s important que a posteriori, no nom\u00e9s per l\u2019expansi\u00f3 del transport de mercaderies (es creen les primeres f\u00e0briques als eixos fluvials catalans, comencen a haver-hi m\u00e9s excedents al camp i el ferrocarril encara no existeix) sin\u00f3 tamb\u00e9 per la pagesia, pel per\u00edode de bonan\u00e7a que viu i perqu\u00e8 la sofisticaci\u00f3 al camp amb la incorporaci\u00f3 de noves eines requereix m\u00e9s for\u00e7a animal. En dona testimoni Segimon Malats \u2014nascut a Santa Eug\u00e8nia el 1747 i difunt a Madrid el 1826\u2014, pare de la veterin\u00e0ria a l\u2019estat espanyol, en el seu discurs inaugural de primera escola de veterin\u00e0ria.<\/p>\n<p>Segurament, el que va comen\u00e7ar com un aplec dels animals de peu rod\u00f3 per demanar protecci\u00f3 al Sant Patr\u00f3, aviat es va convertir en una festa de llu\u00efment; ho podem veure en les fotografies m\u00e9s antigues: la gent que participa en el passant porta bona roba, la de festes i grans ocasions i qui en podia disposar llu\u00efa un bon animal. Aix\u00f2 no impedia, segons les males llengu\u0308es, que la festa ben aviat tamb\u00e9 tingu\u00e9s un to m\u00e9s, si m\u2019ho permeteu, esbojarrat i podr\u00edem dir una mica m\u00e9s poca-solta: no nom\u00e9s es competia per lluir un bon cavall i un bon vestit, sin\u00f3 que alguns competien per veure qui era capa\u00e7 d\u2019aguantar-se (o no) damunt del cavall despr\u00e9s d\u2019aprofitar les moltes rondes de beguda que els oferien els hostalers del poble. Podr\u00edem dir que \u00e9s semblant gaireb\u00e9 a algunes festes actuals, vaja.<\/p>\n<p>El m\u00f3n roda i el temps passa. El segle XX comen\u00e7a convuls i arriba la Guerra Civil, la prohibici\u00f3 dels actes religiosos, etc., i del trasbals que suposa, es passa, acabat el conflicte, a un per\u00edode de fortes mancances i un fort rigor religi\u00f3s. La festa sempre es va mantenir i no va perdre les arrels: podem veure en les fotografies que la gent surt igualment, ara s\u2019esforcen per poder lluir tant com poden uns vestits de diumenge molt m\u00e9s apeda\u00e7ats i balders, sense canvis en la lit\u00fargia de la festa: tres tombs, carro del Sant guarnit, banderers i hostalers oferint.<\/p>\n<p>A poc a poc la festa dels Tres Tombs a Santa Eug\u00e8nia torna a lluir, i de mica en mica, aquest \u201cpelegrinatge\u201d d\u2019animals a Sant Antoni es va omplint m\u00e9s de festa, fins que esdev\u00e9 un referent per la comarca. Entrats els anys setanta del segle passat, el centre de la festa \u00e9s el cavall, els banderers i carro del Sant. Cada cop hi ha m\u00e9s genets, s\u2019hi va poder veure Gu\u00e0rdia Municipal Muntada de Barcelona amb els casquets emplomallats, les llances i aquella vestimenta vermella, entremig d\u2019aquests s\u2019hi veien de tant en tant cavalls de doma i tamb\u00e9 de doma andalusos, fins i tot uns quants, pocs, muntats per genets vestits amb roba de la comunitat, tamb\u00e9 hi ha alguns carruatges humils de passeig acompanyats per alguns altres carros que potser encara puntualment feinejaven.<\/p>\n<p>[\/et_pb_text][\/et_pb_column][et_pb_column type=\u00bb1_2&#8243; _builder_version=\u00bb4.20.0&#8243; _module_preset=\u00bbdefault\u00bb global_colors_info=\u00bb{}\u00bb][et_pb_text _builder_version=\u00bb4.19.5&#8243; _module_preset=\u00bb8361700b-1ef4-4dcf-b99e-35e7ccd49d27&#8243; global_colors_info=\u00bb{}\u00bb]<\/p>\n<p>Durant els anys vuitanta, en l\u2019embolcall de la festa s\u2019hi varen afegir puntualment els toros, que varen tenir, vista la participaci\u00f3 de p\u00fablic, bastant d\u2019\u00e8xit. Fins i tot un any crec recordar l\u2019afegit de \u201cl\u2019Empastre\u201d, es tractava de complementar l\u2019espectacle taur\u00ed amb una suposada comicitat d\u2019una gent de talla petita, personalment a mi em va entristir.<\/p>\n<p class=\"p1\">Dels vuitanta endavant la festa va canviant, tot i aix\u00f2, els tombs continuen essent tres, el carro del Sant tamb\u00e9 est\u00e0 ben guarnit amb boix, els abanderats es mantenen i la festa va dedicada als animals de peu rod\u00f3 i hi participen genets. La festa esdev\u00e9 m\u00e9s familiar i han anat prenent m\u00e9s protagonisme els records que evoquen animals de tir a les feines pret\u00e8rites; el carro i les eines cada cop hi tenen m\u00e9s representaci\u00f3. Per aix\u00f2 una de les tasques que s\u2019ha anat proposant l\u2019entitat \u00e9s recuperar, mantenir, inventariar aquestes eines i carros. Tamb\u00e9 d\u2019uns anys en\u00e7\u00e0 la festa va m\u00e9s enll\u00e0 de l\u2019hivern i a l\u2019estiu organitzem la festa del batre. Mai no ens hem oblidat tenir una part l\u00fadica i una de divulgativa.<\/p>\n<p class=\"p1\">Aquest any, als Tonis de Santa Eug\u00e8nia hi ha entrat gent jove. Introdu\u00efm canvis importants en els actes d\u2019embolcall de la festa, en canviarem el format per atreure m\u00e9s les fam\u00edlies i intentem actualitzar-la, introduint-hi nous actes l\u00fadics destinats al jovent; ens adherim als protocols de protecci\u00f3 dels animals i en controlem el compliment. El cos central, el realment tradicional, que \u00e9s el passant, mant\u00e9 l\u2019ess\u00e8ncia: hi haur\u00e0 animals, els tombs seran tres, el carro del Sant estar\u00e0 guarnit i tindrem tres abanderats. Procurarem que sigui un passant llu\u00eft, acompanyant els carros m\u00e9s tradicionals, carros m\u00e9s familiars, genets i la Gu\u00e0rdia Muntada dels Mossos d\u2019Esquadra. Ara \u00e9s un moment en qu\u00e8 per diverses raons en global ens creiem que estem en un moment de canvi sobtat, no volgut i que aix\u00f2 ens aboca a un inevitable futur incert. Ens en creiem conscients tant a la feina, com a la relaci\u00f3 amb l\u2019entorn natural i social i tamb\u00e9 en l\u2019oci i la cultura. \u00c9s cert que han passat coses i no totes positives, la pand\u00e8mia, l\u2019evid\u00e8ncia del canvi clim\u00e0tic, la crisi per la guerra, la consci\u00e8ncia animalista, etc. Per\u00f2 crec que realment no estem tant en un moment de revoluci\u00f3 entesa com a negativa.<\/p>\n<p class=\"p1\">De fet, no fem res gaire diferent d\u2019all\u00f2 que ja f\u00e8iem i viv\u00edem, sempre evolucionem de manera m\u00e9s accelerada o m\u00e9s lenta, m\u00e9s conscient o menys conscient. Crec que el revulsiu d\u2019aquesta consci\u00e8ncia de canvi ha estat la parada i l\u2019arrencada per la pand\u00e8mia. Aquest arrencar de nou ens ha fet mirar enrere i posar potser massa perspectiva per comparar on som i d\u2019on ven\u00edem. Per\u00f2 els canvis ja hi eren destinats a arribar.<\/p>\n<p class=\"p1\">\n<p class=\"p1\"><em>Josep Dachs<\/em><\/p>\n<p>[\/et_pb_text][\/et_pb_column][\/et_pb_row][\/et_pb_section]<\/p>\n","protected":false},"excerpt":{"rendered":"<p>Hist\u00f2riaEvoluci\u00f3 d&#8217;una festa des de 1889M\u2019agrada imaginar com devia ser la festivitat del Tonis abans, quin sentit hi donaven, des de quan se celebrava&#8230; Per\u00f2 tamb\u00e9, com molts, en tinc un relat propi que \u00e9s el que intentar\u00e9 explicar. Sabem que des de 1888 a Santa Eug\u00e8nia se celebren els Tres Tombs, poques ressenyes en [&hellip;]<\/p>\n","protected":false},"author":1,"featured_media":0,"parent":0,"menu_order":0,"comment_status":"closed","ping_status":"closed","template":"","meta":{"_et_pb_use_builder":"on","_et_pb_old_content":"","_et_gb_content_width":"","footnotes":""},"class_list":["post-89","page","type-page","status-publish","hentry"],"_links":{"self":[{"href":"https:\/\/tonisstaeugeniadeberga.cat\/index.php?rest_route=\/wp\/v2\/pages\/89","targetHints":{"allow":["GET"]}}],"collection":[{"href":"https:\/\/tonisstaeugeniadeberga.cat\/index.php?rest_route=\/wp\/v2\/pages"}],"about":[{"href":"https:\/\/tonisstaeugeniadeberga.cat\/index.php?rest_route=\/wp\/v2\/types\/page"}],"author":[{"embeddable":true,"href":"https:\/\/tonisstaeugeniadeberga.cat\/index.php?rest_route=\/wp\/v2\/users\/1"}],"replies":[{"embeddable":true,"href":"https:\/\/tonisstaeugeniadeberga.cat\/index.php?rest_route=%2Fwp%2Fv2%2Fcomments&post=89"}],"version-history":[{"count":14,"href":"https:\/\/tonisstaeugeniadeberga.cat\/index.php?rest_route=\/wp\/v2\/pages\/89\/revisions"}],"predecessor-version":[{"id":471,"href":"https:\/\/tonisstaeugeniadeberga.cat\/index.php?rest_route=\/wp\/v2\/pages\/89\/revisions\/471"}],"wp:attachment":[{"href":"https:\/\/tonisstaeugeniadeberga.cat\/index.php?rest_route=%2Fwp%2Fv2%2Fmedia&parent=89"}],"curies":[{"name":"wp","href":"https:\/\/api.w.org\/{rel}","templated":true}]}}